{"id":668,"date":"2020-08-25T14:17:06","date_gmt":"2020-08-25T14:17:06","guid":{"rendered":"https:\/\/nataliecapell.com\/?page_id=668"},"modified":"2024-03-18T13:21:35","modified_gmt":"2024-03-18T13:21:35","slug":"my-atelier","status":"publish","type":"page","link":"https:\/\/nataliecapell.com\/es\/my-atelier\/","title":{"rendered":"My Atelier"},"content":{"rendered":"\t\t<div data-elementor-type=\"wp-page\" data-elementor-id=\"668\" class=\"elementor elementor-668 elementor-79\" data-elementor-post-type=\"page\">\n\t\t\t\t\t\t<section class=\"elementor-section elementor-top-section elementor-element elementor-element-11901985 elementor-section-boxed elementor-section-height-default elementor-section-height-default\" data-id=\"11901985\" data-element_type=\"section\" data-e-type=\"section\">\n\t\t\t\t\t\t<div class=\"elementor-container elementor-column-gap-default\">\n\t\t\t\t\t<div class=\"elementor-column elementor-col-100 elementor-top-column elementor-element elementor-element-6a149df7\" data-id=\"6a149df7\" data-element_type=\"column\" data-e-type=\"column\">\n\t\t\t<div class=\"elementor-widget-wrap elementor-element-populated\">\n\t\t\t\t\t\t<div class=\"elementor-element elementor-element-4c67c72 elementor-widget elementor-widget-spacer\" data-id=\"4c67c72\" data-element_type=\"widget\" data-e-type=\"widget\" data-widget_type=\"spacer.default\">\n\t\t\t\t<div class=\"elementor-widget-container\">\n\t\t\t\t\t\t\t<div class=\"elementor-spacer\">\n\t\t\t<div class=\"elementor-spacer-inner\"><\/div>\n\t\t<\/div>\n\t\t\t\t\t\t<\/div>\n\t\t\t\t<\/div>\n\t\t\t\t\t<\/div>\n\t\t<\/div>\n\t\t\t\t\t<\/div>\n\t\t<\/section>\n\t\t\t\t<section class=\"elementor-section elementor-top-section elementor-element elementor-element-65a718f3 elementor-section-boxed elementor-section-height-default elementor-section-height-default\" data-id=\"65a718f3\" data-element_type=\"section\" data-e-type=\"section\">\n\t\t\t\t\t\t<div class=\"elementor-container elementor-column-gap-default\">\n\t\t\t\t\t<div class=\"elementor-column elementor-col-100 elementor-top-column elementor-element elementor-element-2a7c8cca\" data-id=\"2a7c8cca\" data-element_type=\"column\" data-e-type=\"column\">\n\t\t\t<div class=\"elementor-widget-wrap elementor-element-populated\">\n\t\t\t\t\t\t<div class=\"elementor-element elementor-element-186a2774 elementor--h-position-center elementor--v-position-middle elementor-arrows-position-inside elementor-pagination-position-inside elementor-widget elementor-widget-slides\" data-id=\"186a2774\" data-element_type=\"widget\" data-e-type=\"widget\" data-settings=\"{&quot;navigation&quot;:&quot;both&quot;,&quot;autoplay&quot;:&quot;yes&quot;,&quot;pause_on_hover&quot;:&quot;yes&quot;,&quot;pause_on_interaction&quot;:&quot;yes&quot;,&quot;autoplay_speed&quot;:5000,&quot;infinite&quot;:&quot;yes&quot;,&quot;transition&quot;:&quot;slide&quot;,&quot;transition_speed&quot;:500}\" data-widget_type=\"slides.default\">\n\t\t\t\t<div class=\"elementor-widget-container\">\n\t\t\t\t\t\t\t\t\t<div class=\"elementor-swiper\">\n\t\t\t\t\t<div class=\"elementor-slides-wrapper elementor-main-swiper swiper\" role=\"region\" aria-roledescription=\"carousel\" aria-label=\"Diapositivas\" dir=\"ltr\" data-animation=\"fadeInUp\">\n\t\t\t\t<div class=\"swiper-wrapper elementor-slides\">\n\t\t\t\t\t\t\t\t\t\t<div class=\"elementor-repeater-item-8788cee swiper-slide\" role=\"group\" aria-roledescription=\"slide\"><div class=\"swiper-slide-bg\" role=\"img\" aria-label=\"IMG_2942\"><\/div><div class=\"swiper-slide-inner\" ><div class=\"swiper-slide-contents\"><div class=\"elementor-slide-heading\">A trav\u00e9s de mis vestidos deseo acompa\u00f1ar el alma\u2026<\/div><\/div><\/div><\/div>\t\t\t\t<\/div>\n\t\t\t\t\t\t\t<\/div>\n\t\t\t\t<\/div>\n\t\t\t\t\t\t\t\t<\/div>\n\t\t\t\t<\/div>\n\t\t\t\t\t<\/div>\n\t\t<\/div>\n\t\t\t\t\t<\/div>\n\t\t<\/section>\n\t\t\t\t<section class=\"elementor-section elementor-top-section elementor-element elementor-element-32ea4e91 elementor-section-boxed elementor-section-height-default elementor-section-height-default\" data-id=\"32ea4e91\" data-element_type=\"section\" data-e-type=\"section\">\n\t\t\t\t\t\t<div class=\"elementor-container elementor-column-gap-default\">\n\t\t\t\t\t<div class=\"elementor-column elementor-col-100 elementor-top-column elementor-element elementor-element-546489a\" data-id=\"546489a\" data-element_type=\"column\" data-e-type=\"column\">\n\t\t\t<div class=\"elementor-widget-wrap elementor-element-populated\">\n\t\t\t\t\t\t<div class=\"elementor-element elementor-element-491d9b6e elementor-widget elementor-widget-text-editor\" data-id=\"491d9b6e\" data-element_type=\"widget\" data-e-type=\"widget\" data-widget_type=\"text-editor.default\">\n\t\t\t\t<div class=\"elementor-widget-container\">\n\t\t\t\t\t\t\t\t\t<p>Cada una de mis piezas est\u00e1 hecha a mano, cada una es \u00fanica y tiene vida propia, intenci\u00f3n y sentimiento.\u2060<\/p><p>Cada una est\u00e1 catalogada y tiene su certificado con un n\u00famero de serie y la fecha en que se cre\u00f3 en el atelier para ti\u2026\u00a0\u2060<\/p>\t\t\t\t\t\t\t\t<\/div>\n\t\t\t\t<\/div>\n\t\t\t\t\t<\/div>\n\t\t<\/div>\n\t\t\t\t\t<\/div>\n\t\t<\/section>\n\t\t\t\t<section class=\"elementor-section elementor-top-section elementor-element elementor-element-29456257 elementor-section-boxed elementor-section-height-default elementor-section-height-default\" data-id=\"29456257\" data-element_type=\"section\" data-e-type=\"section\">\n\t\t\t\t\t\t<div class=\"elementor-container elementor-column-gap-default\">\n\t\t\t\t\t<div class=\"elementor-column elementor-col-100 elementor-top-column elementor-element elementor-element-5d1126fa\" data-id=\"5d1126fa\" data-element_type=\"column\" data-e-type=\"column\">\n\t\t\t<div class=\"elementor-widget-wrap elementor-element-populated\">\n\t\t\t\t\t\t<div class=\"elementor-element elementor-element-3338b86 elementor-widget elementor-widget-video\" data-id=\"3338b86\" data-element_type=\"widget\" data-e-type=\"widget\" data-settings=\"{&quot;video_type&quot;:&quot;hosted&quot;,&quot;autoplay&quot;:&quot;yes&quot;,&quot;play_on_mobile&quot;:&quot;yes&quot;,&quot;loop&quot;:&quot;yes&quot;,&quot;start&quot;:0,&quot;mute&quot;:&quot;yes&quot;}\" data-widget_type=\"video.default\">\n\t\t\t\t<div class=\"elementor-widget-container\">\n\t\t\t\t\t\t\t<div class=\"e-hosted-video elementor-wrapper elementor-open-inline\">\n\t\t\t\t\t<video class=\"elementor-video\" src=\"https:\/\/nataliecapell.com\/wp-content\/uploads\/2020\/09\/natalie-capel-video-4.webm\" autoplay=\"\" loop=\"\" muted=\"muted\" playsinline=\"\" controlsList=\"nodownload\"><\/video>\n\t\t\t\t<\/div>\n\t\t\t\t\t\t<\/div>\n\t\t\t\t<\/div>\n\t\t\t\t\t<\/div>\n\t\t<\/div>\n\t\t\t\t\t<\/div>\n\t\t<\/section>\n\t\t\t\t<section class=\"elementor-section elementor-top-section elementor-element elementor-element-be268e4 elementor-section-boxed elementor-section-height-default elementor-section-height-default\" data-id=\"be268e4\" data-element_type=\"section\" data-e-type=\"section\">\n\t\t\t\t\t\t<div class=\"elementor-container elementor-column-gap-default\">\n\t\t\t\t\t<div class=\"elementor-column elementor-col-100 elementor-top-column elementor-element elementor-element-3c688488\" data-id=\"3c688488\" data-element_type=\"column\" data-e-type=\"column\">\n\t\t\t<div class=\"elementor-widget-wrap elementor-element-populated\">\n\t\t\t\t\t\t<div class=\"elementor-element elementor-element-727af4ae elementor-widget elementor-widget-heading\" data-id=\"727af4ae\" data-element_type=\"widget\" data-e-type=\"widget\" data-widget_type=\"heading.default\">\n\t\t\t\t<div class=\"elementor-widget-container\">\n\t\t\t\t\t<h3 class=\"elementor-heading-title elementor-size-default\">Al crear desde el lugar id\u00f3neo, respetando mi ritmo interno y el ritmo del material, <br>\npermito que las piezas se formen con tranquilidad <br>\ny abracen en ellas su sentido profundo.<\/h3>\t\t\t\t<\/div>\n\t\t\t\t<\/div>\n\t\t\t\t\t<\/div>\n\t\t<\/div>\n\t\t\t\t\t<\/div>\n\t\t<\/section>\n\t\t\t\t<section class=\"elementor-section elementor-top-section elementor-element elementor-element-30946381 elementor-section-boxed elementor-section-height-default elementor-section-height-default\" data-id=\"30946381\" data-element_type=\"section\" data-e-type=\"section\">\n\t\t\t\t\t\t<div class=\"elementor-container elementor-column-gap-default\">\n\t\t\t\t\t<div class=\"elementor-column elementor-col-100 elementor-top-column elementor-element elementor-element-fcf41bf\" data-id=\"fcf41bf\" data-element_type=\"column\" data-e-type=\"column\">\n\t\t\t<div class=\"elementor-widget-wrap elementor-element-populated\">\n\t\t\t\t\t\t<div class=\"elementor-element elementor-element-6cd0ef16 elementor-widget elementor-widget-text-editor\" data-id=\"6cd0ef16\" data-element_type=\"widget\" data-e-type=\"widget\" data-widget_type=\"text-editor.default\">\n\t\t\t\t<div class=\"elementor-widget-container\">\n\t\t\t\t\t\t\t\t\t<p><span style=\"font-family: plantin;\">Creo los vestidos en el Atelier a mano desde 2002, con el profundo deseo de vestir la belleza femenina que nace de la esencia de una manera que permita la libertad de experiencia. <\/span><\/p><p><span style=\"font-family: plantin;\">Cada vestido est\u00e1 hecho a mano en un proceso de diez pasos, manos sabios de mujeres, tocan y trabajan cada vestido con una paciencia infinita y amor por el material y el proceso, nos cuidamos todos los espectros, la tensi\u00f3n del hilo, la serenidad de la mente que trabaja manualmente, la tranquilidad\u00a0\u00a0y de la costura y del tejido entre otros detalles t\u00e9cnicos<\/span><\/p><p>Una t\u00e9cnica meticulosa que nace de la emoci\u00f3n y el sentido y a trav\u00e9s de ellas el material se transforma en un art\u00edculo que tiene alma.<\/p>\t\t\t\t\t\t\t\t<\/div>\n\t\t\t\t<\/div>\n\t\t\t\t\t<\/div>\n\t\t<\/div>\n\t\t\t\t\t<\/div>\n\t\t<\/section>\n\t\t\t\t<section class=\"elementor-section elementor-top-section elementor-element elementor-element-5c4df03 elementor-section-boxed elementor-section-height-default elementor-section-height-default\" data-id=\"5c4df03\" data-element_type=\"section\" data-e-type=\"section\">\n\t\t\t\t\t\t<div class=\"elementor-container elementor-column-gap-default\">\n\t\t\t\t\t<div class=\"elementor-column elementor-col-100 elementor-top-column elementor-element elementor-element-523a069\" data-id=\"523a069\" data-element_type=\"column\" data-e-type=\"column\">\n\t\t\t<div class=\"elementor-widget-wrap elementor-element-populated\">\n\t\t\t\t\t\t<div class=\"elementor-element elementor-element-24172a5 elementor-widget elementor-widget-text-editor\" data-id=\"24172a5\" data-element_type=\"widget\" data-e-type=\"widget\" data-widget_type=\"text-editor.default\">\n\t\t\t\t<div class=\"elementor-widget-container\">\n\t\t\t\t\t\t\t\t\t<p>Me encantar\u00eda invitarte a mi mundo.<\/p>\t\t\t\t\t\t\t\t<\/div>\n\t\t\t\t<\/div>\n\t\t\t\t<div class=\"elementor-element elementor-element-fa6a3f7 elementor-widget elementor-widget-text-editor\" data-id=\"fa6a3f7\" data-element_type=\"widget\" data-e-type=\"widget\" data-widget_type=\"text-editor.default\">\n\t\t\t\t<div class=\"elementor-widget-container\">\n\t\t\t\t\t\t\t\t\t<div class=\"module fullwidth contact_form\"><div class=\"serif-regular small reveal-short\" data-sr-id=\"3\"><p>Mis vestidos est\u00e1n hechos con la sincera intenci\u00f3n de acompa\u00f1ar el alma. Estoy aqu\u00ed para acompa\u00f1arte en cualquier momento del proceso, con la misma presencia y cuidado con las que hago mis piezas.<\/p><\/div><p><a href=\"https:\/\/nataliecapell.com\/es\/contacto\/\"><span style=\"text-decoration: underline;\"><span style=\"font-family: Arial, Helvetica, sans-serif; font-size: 10pt;\">CONTACTA<\/span><\/span><\/a><\/p><\/div><div class=\"module fullwidth image\"><picture><source srcset=\"https:\/\/nataliecapell.com\/wp-content\/uploads\/2020\/08\/image13.jpg\" media=\"(min-width: 1024px), (min-device-pixel-ratio: 2)\" \/><source srcset=\"https:\/\/nataliecapell.com\/wp-content\/uploads\/2020\/08\/image13.jpg\" media=\"(min-width: 1280px)\" \/><source srcset=\"https:\/\/nataliecapell.com\/wp-content\/uploads\/2020\/08\/image13-1280x1600.jpg\" media=\"(min-width: 350px)\" \/><\/picture><\/div>\t\t\t\t\t\t\t\t<\/div>\n\t\t\t\t<\/div>\n\t\t\t\t\t<\/div>\n\t\t<\/div>\n\t\t\t\t\t<\/div>\n\t\t<\/section>\n\t\t\t\t<section class=\"elementor-section elementor-top-section elementor-element elementor-element-16f5eb98 elementor-section-boxed elementor-section-height-default elementor-section-height-default\" data-id=\"16f5eb98\" data-element_type=\"section\" data-e-type=\"section\">\n\t\t\t\t\t\t<div class=\"elementor-container elementor-column-gap-default\">\n\t\t\t\t\t<div class=\"elementor-column elementor-col-100 elementor-top-column elementor-element elementor-element-1c1688cf\" data-id=\"1c1688cf\" data-element_type=\"column\" data-e-type=\"column\">\n\t\t\t<div class=\"elementor-widget-wrap elementor-element-populated\">\n\t\t\t\t\t\t<div class=\"elementor-element elementor-element-4e694d2e elementor-widget elementor-widget-image\" data-id=\"4e694d2e\" data-element_type=\"widget\" data-e-type=\"widget\" data-widget_type=\"image.default\">\n\t\t\t\t<div class=\"elementor-widget-container\">\n\t\t\t\t\t\t\t\t\t\t\t\t\t\t\t<img fetchpriority=\"high\" decoding=\"async\" width=\"819\" height=\"1024\" src=\"https:\/\/nataliecapell.com\/wp-content\/uploads\/2020\/08\/image13-819x1024.jpg\" class=\"attachment-large size-large wp-image-302\" alt=\"\" srcset=\"https:\/\/nataliecapell.com\/wp-content\/uploads\/2020\/08\/image13-819x1024.jpg 819w, https:\/\/nataliecapell.com\/wp-content\/uploads\/2020\/08\/image13-1240x1550.jpg 1240w, https:\/\/nataliecapell.com\/wp-content\/uploads\/2020\/08\/image13-240x300.jpg 240w, https:\/\/nataliecapell.com\/wp-content\/uploads\/2020\/08\/image13-768x960.jpg 768w, https:\/\/nataliecapell.com\/wp-content\/uploads\/2020\/08\/image13-1229x1536.jpg 1229w, https:\/\/nataliecapell.com\/wp-content\/uploads\/2020\/08\/image13-1280x1600.jpg 1280w, https:\/\/nataliecapell.com\/wp-content\/uploads\/2020\/08\/image13-640x800.jpg 640w, https:\/\/nataliecapell.com\/wp-content\/uploads\/2020\/08\/image13.jpg 1536w\" sizes=\"(max-width: 819px) 100vw, 819px\" \/>\t\t\t\t\t\t\t\t\t\t\t\t\t\t\t<\/div>\n\t\t\t\t<\/div>\n\t\t\t\t\t<\/div>\n\t\t<\/div>\n\t\t\t\t\t<\/div>\n\t\t<\/section>\n\t\t\t\t<section class=\"elementor-section elementor-top-section elementor-element elementor-element-79e97347 elementor-section-boxed elementor-section-height-default elementor-section-height-default\" data-id=\"79e97347\" data-element_type=\"section\" data-e-type=\"section\">\n\t\t\t\t\t\t<div class=\"elementor-container elementor-column-gap-default\">\n\t\t\t\t\t<div class=\"elementor-column elementor-col-100 elementor-top-column elementor-element elementor-element-65e8483c\" data-id=\"65e8483c\" data-element_type=\"column\" data-e-type=\"column\">\n\t\t\t<div class=\"elementor-widget-wrap elementor-element-populated\">\n\t\t\t\t\t\t<div class=\"elementor-element elementor-element-30237c2f elementor-widget elementor-widget-heading\" data-id=\"30237c2f\" data-element_type=\"widget\" data-e-type=\"widget\" data-widget_type=\"heading.default\">\n\t\t\t\t<div class=\"elementor-widget-container\">\n\t\t\t\t\t<h3 class=\"elementor-heading-title elementor-size-default\">Hay detalles que no se ven ni a primera vista ni de lejos; poco a poco, en la intimidad, la calma y la confianza se van revelando.<\/h3>\t\t\t\t<\/div>\n\t\t\t\t<\/div>\n\t\t\t\t\t<\/div>\n\t\t<\/div>\n\t\t\t\t\t<\/div>\n\t\t<\/section>\n\t\t\t\t<section class=\"elementor-section elementor-top-section elementor-element elementor-element-f90829f elementor-section-full_width elementor-section-height-default elementor-section-height-default\" data-id=\"f90829f\" data-element_type=\"section\" data-e-type=\"section\">\n\t\t\t\t\t\t<div class=\"elementor-container elementor-column-gap-default\">\n\t\t\t\t\t<div class=\"elementor-column elementor-col-100 elementor-top-column elementor-element elementor-element-3a5bffa\" data-id=\"3a5bffa\" data-element_type=\"column\" data-e-type=\"column\">\n\t\t\t<div class=\"elementor-widget-wrap elementor-element-populated\">\n\t\t\t\t\t\t<div class=\"elementor-element elementor-element-1f6301b elementor-widget__width-initial elementor-widget elementor-widget-video\" data-id=\"1f6301b\" data-element_type=\"widget\" data-e-type=\"widget\" data-settings=\"{&quot;video_type&quot;:&quot;hosted&quot;,&quot;autoplay&quot;:&quot;yes&quot;,&quot;start&quot;:0,&quot;play_on_mobile&quot;:&quot;yes&quot;,&quot;mute&quot;:&quot;yes&quot;,&quot;loop&quot;:&quot;yes&quot;}\" data-widget_type=\"video.default\">\n\t\t\t\t<div class=\"elementor-widget-container\">\n\t\t\t\t\t\t\t<div class=\"e-hosted-video elementor-wrapper elementor-open-inline\">\n\t\t\t\t\t<video class=\"elementor-video\" src=\"https:\/\/nataliecapell.com\/wp-content\/uploads\/2020\/09\/natalie-capel-video-5.webm\" autoplay=\"\" loop=\"\" muted=\"muted\" playsinline=\"\" controlsList=\"nodownload\"><\/video>\n\t\t\t\t<\/div>\n\t\t\t\t\t\t<\/div>\n\t\t\t\t<\/div>\n\t\t\t\t\t<\/div>\n\t\t<\/div>\n\t\t\t\t\t<\/div>\n\t\t<\/section>\n\t\t\t\t<section class=\"elementor-section elementor-top-section elementor-element elementor-element-7149792 elementor-section-boxed elementor-section-height-default elementor-section-height-default\" data-id=\"7149792\" data-element_type=\"section\" data-e-type=\"section\">\n\t\t\t\t\t\t<div class=\"elementor-container elementor-column-gap-default\">\n\t\t\t\t\t<div class=\"elementor-column elementor-col-100 elementor-top-column elementor-element elementor-element-e832e94\" data-id=\"e832e94\" data-element_type=\"column\" data-e-type=\"column\">\n\t\t\t<div class=\"elementor-widget-wrap elementor-element-populated\">\n\t\t\t\t\t\t<div class=\"elementor-element elementor-element-ee177ee elementor-widget elementor-widget-heading\" data-id=\"ee177ee\" data-element_type=\"widget\" data-e-type=\"widget\" data-widget_type=\"heading.default\">\n\t\t\t\t<div class=\"elementor-widget-container\">\n\t\t\t\t\t<h3 class=\"elementor-heading-title elementor-size-default\">Trabajo con minerales antiguos,<br><br>\n\nMe encanta contemplar la variedad de sus formas y su corte manual, su energ\u00eda y su alma.<\/h3>\t\t\t\t<\/div>\n\t\t\t\t<\/div>\n\t\t\t\t\t<\/div>\n\t\t<\/div>\n\t\t\t\t\t<\/div>\n\t\t<\/section>\n\t\t\t\t<section class=\"elementor-section elementor-top-section elementor-element elementor-element-7b949f2a elementor-section-boxed elementor-section-height-default elementor-section-height-default\" data-id=\"7b949f2a\" data-element_type=\"section\" data-e-type=\"section\">\n\t\t\t\t\t\t<div class=\"elementor-container elementor-column-gap-default\">\n\t\t\t\t\t<div class=\"elementor-column elementor-col-100 elementor-top-column elementor-element elementor-element-3c81d000\" data-id=\"3c81d000\" data-element_type=\"column\" data-e-type=\"column\">\n\t\t\t<div class=\"elementor-widget-wrap elementor-element-populated\">\n\t\t\t\t\t\t<div class=\"elementor-element elementor-element-2b2ed6f3 elementor-widget elementor-widget-image\" data-id=\"2b2ed6f3\" data-element_type=\"widget\" data-e-type=\"widget\" data-widget_type=\"image.default\">\n\t\t\t\t<div class=\"elementor-widget-container\">\n\t\t\t\t\t\t\t\t\t\t\t\t\t\t\t<img decoding=\"async\" width=\"1920\" height=\"1920\" src=\"https:\/\/nataliecapell.com\/wp-content\/uploads\/2020\/08\/image1_1.jpg\" class=\"attachment-full size-full wp-image-303\" alt=\"\" srcset=\"https:\/\/nataliecapell.com\/wp-content\/uploads\/2020\/08\/image1_1.jpg 1920w, https:\/\/nataliecapell.com\/wp-content\/uploads\/2020\/08\/image1_1-100x100.jpg 100w, https:\/\/nataliecapell.com\/wp-content\/uploads\/2020\/08\/image1_1-1240x1240.jpg 1240w, https:\/\/nataliecapell.com\/wp-content\/uploads\/2020\/08\/image1_1-300x300.jpg 300w, https:\/\/nataliecapell.com\/wp-content\/uploads\/2020\/08\/image1_1-1024x1024.jpg 1024w, https:\/\/nataliecapell.com\/wp-content\/uploads\/2020\/08\/image1_1-150x150.jpg 150w, https:\/\/nataliecapell.com\/wp-content\/uploads\/2020\/08\/image1_1-768x768.jpg 768w, https:\/\/nataliecapell.com\/wp-content\/uploads\/2020\/08\/image1_1-1536x1536.jpg 1536w, https:\/\/nataliecapell.com\/wp-content\/uploads\/2020\/08\/image1_1-1280x1280.jpg 1280w, https:\/\/nataliecapell.com\/wp-content\/uploads\/2020\/08\/image1_1-640x640.jpg 640w\" sizes=\"(max-width: 1920px) 100vw, 1920px\" \/>\t\t\t\t\t\t\t\t\t\t\t\t\t\t\t<\/div>\n\t\t\t\t<\/div>\n\t\t\t\t\t<\/div>\n\t\t<\/div>\n\t\t\t\t\t<\/div>\n\t\t<\/section>\n\t\t\t\t<section class=\"elementor-section elementor-top-section elementor-element elementor-element-7d3c6077 elementor-section-boxed elementor-section-height-default elementor-section-height-default\" data-id=\"7d3c6077\" data-element_type=\"section\" data-e-type=\"section\">\n\t\t\t\t\t\t<div class=\"elementor-container elementor-column-gap-default\">\n\t\t\t\t\t<div class=\"elementor-column elementor-col-100 elementor-top-column elementor-element elementor-element-49f6793d\" data-id=\"49f6793d\" data-element_type=\"column\" data-e-type=\"column\">\n\t\t\t<div class=\"elementor-widget-wrap elementor-element-populated\">\n\t\t\t\t\t\t<div class=\"elementor-element elementor-element-141109b2 elementor-widget elementor-widget-heading\" data-id=\"141109b2\" data-element_type=\"widget\" data-e-type=\"widget\" data-widget_type=\"heading.default\">\n\t\t\t\t<div class=\"elementor-widget-container\">\n\t\t\t\t\t<h3 class=\"elementor-heading-title elementor-size-default\">Ninguna l\u00ednea es completamente recta, cada forma tiene movimiento. Los colores transforman, ocultan matices y sombras, manifiestan y celebran el paso del tiempo y el cambio. Me encanta observar la naturaleza y unirme a la danza de la vida.\n<\/h3>\t\t\t\t<\/div>\n\t\t\t\t<\/div>\n\t\t\t\t\t<\/div>\n\t\t<\/div>\n\t\t\t\t\t<\/div>\n\t\t<\/section>\n\t\t\t\t<section class=\"elementor-section elementor-top-section elementor-element elementor-element-3ac89b7d elementor-section-boxed elementor-section-height-default elementor-section-height-default\" data-id=\"3ac89b7d\" data-element_type=\"section\" data-e-type=\"section\">\n\t\t\t\t\t\t<div class=\"elementor-container elementor-column-gap-default\">\n\t\t\t\t\t<div class=\"elementor-column elementor-col-100 elementor-top-column elementor-element elementor-element-66b2580b\" data-id=\"66b2580b\" data-element_type=\"column\" data-e-type=\"column\">\n\t\t\t<div class=\"elementor-widget-wrap elementor-element-populated\">\n\t\t\t\t\t\t<div class=\"elementor-element elementor-element-3515cc6a elementor-widget elementor-widget-spacer\" data-id=\"3515cc6a\" data-element_type=\"widget\" data-e-type=\"widget\" data-widget_type=\"spacer.default\">\n\t\t\t\t<div class=\"elementor-widget-container\">\n\t\t\t\t\t\t\t<div class=\"elementor-spacer\">\n\t\t\t<div class=\"elementor-spacer-inner\"><\/div>\n\t\t<\/div>\n\t\t\t\t\t\t<\/div>\n\t\t\t\t<\/div>\n\t\t\t\t\t<\/div>\n\t\t<\/div>\n\t\t\t\t\t<\/div>\n\t\t<\/section>\n\t\t\t\t<section class=\"elementor-section elementor-top-section elementor-element elementor-element-11909b1 elementor-section-boxed elementor-section-height-default elementor-section-height-default\" data-id=\"11909b1\" data-element_type=\"section\" data-e-type=\"section\">\n\t\t\t\t\t\t<div class=\"elementor-container elementor-column-gap-default\">\n\t\t\t\t\t<div class=\"elementor-column elementor-col-100 elementor-top-column elementor-element elementor-element-6e9de2c\" data-id=\"6e9de2c\" data-element_type=\"column\" data-e-type=\"column\">\n\t\t\t<div class=\"elementor-widget-wrap elementor-element-populated\">\n\t\t\t\t\t\t<div class=\"elementor-element elementor-element-606bb63 elementor-widget elementor-widget-text-editor\" data-id=\"606bb63\" data-element_type=\"widget\" data-e-type=\"widget\" data-widget_type=\"text-editor.default\">\n\t\t\t\t<div class=\"elementor-widget-container\">\n\t\t\t\t\t\t\t\t\t<h6><span style=\"color: #ffffff;\"><strong>DESFILES<\/strong><\/span><\/h6><p>Comparto mis desfiles en los que trato de despertar la magia con un profundo aprecio por la feminidad, tal como la percibo.<\/p><p>En todos los espect\u00e1culos, las mujeres que desfilaron, eligieron, cada una en un proceso personal, el vestido que mejor se adecuaba a su forma de sentir, como la mejor compa\u00f1\u00eda de su belleza, unica en su movimiento y su ser.<\/p>\t\t\t\t\t\t\t\t<\/div>\n\t\t\t\t<\/div>\n\t\t\t\t\t<\/div>\n\t\t<\/div>\n\t\t\t\t\t<\/div>\n\t\t<\/section>\n\t\t\t\t<section class=\"elementor-section elementor-top-section elementor-element elementor-element-7cfc7e1 elementor-section-boxed elementor-section-height-default elementor-section-height-default\" data-id=\"7cfc7e1\" data-element_type=\"section\" data-e-type=\"section\">\n\t\t\t\t\t\t<div class=\"elementor-container elementor-column-gap-default\">\n\t\t\t\t\t<div class=\"elementor-column elementor-col-100 elementor-top-column elementor-element elementor-element-fa7b7e2\" data-id=\"fa7b7e2\" data-element_type=\"column\" data-e-type=\"column\">\n\t\t\t<div class=\"elementor-widget-wrap elementor-element-populated\">\n\t\t\t\t\t\t<div class=\"elementor-element elementor-element-d5371af elementor-widget elementor-widget-video\" data-id=\"d5371af\" data-element_type=\"widget\" data-e-type=\"widget\" data-settings=\"{&quot;video_type&quot;:&quot;vimeo&quot;}\" data-widget_type=\"video.default\">\n\t\t\t\t<div class=\"elementor-widget-container\">\n\t\t\t\t\t\t\t<div class=\"elementor-wrapper elementor-open-inline\">\n\t\t\t<iframe class=\"elementor-video-iframe\" allowfullscreen allow=\"clipboard-write\" title=\"Reproductor de v\u00eddeo vimeo\" src=\"https:\/\/player.vimeo.com\/video\/85446121?color=FFFFFF&amp;autopause=0&amp;loop=0&amp;muted=0&amp;title=0&amp;portrait=0&amp;byline=0#t=\"><\/iframe>\t\t<\/div>\n\t\t\t\t\t\t<\/div>\n\t\t\t\t<\/div>\n\t\t\t\t<div class=\"elementor-element elementor-element-14900e0 elementor-widget elementor-widget-text-editor\" data-id=\"14900e0\" data-element_type=\"widget\" data-e-type=\"widget\" data-widget_type=\"text-editor.default\">\n\t\t\t\t<div class=\"elementor-widget-container\">\n\t\t\t\t\t\t\t\t\t<p>MUSEO EUROPEO DE ARTE MODERNO 2011<br \/>El desfile en el MEAM fue el primero que realic\u00e9 fuera de la Atelier; lo cre\u00e9 con bailarinas en un espacio singular que dispone el museo e invit\u00e9 exclusivamente a mis clientes de l\u2019Atelier<\/p><p>Bailamos nuestra feminidad de forma natural y \u00fanica.<\/p>\t\t\t\t\t\t\t\t<\/div>\n\t\t\t\t<\/div>\n\t\t\t\t\t<\/div>\n\t\t<\/div>\n\t\t\t\t\t<\/div>\n\t\t<\/section>\n\t\t\t\t<section class=\"elementor-section elementor-top-section elementor-element elementor-element-10c5ec8 elementor-section-boxed elementor-section-height-default elementor-section-height-default\" data-id=\"10c5ec8\" data-element_type=\"section\" data-e-type=\"section\">\n\t\t\t\t\t\t<div class=\"elementor-container elementor-column-gap-default\">\n\t\t\t\t\t<div class=\"elementor-column elementor-col-100 elementor-top-column elementor-element elementor-element-5a47f31\" data-id=\"5a47f31\" data-element_type=\"column\" data-e-type=\"column\">\n\t\t\t<div class=\"elementor-widget-wrap elementor-element-populated\">\n\t\t\t\t\t\t<div class=\"elementor-element elementor-element-a3b3b9d elementor-widget elementor-widget-video\" data-id=\"a3b3b9d\" data-element_type=\"widget\" data-e-type=\"widget\" data-settings=\"{&quot;video_type&quot;:&quot;vimeo&quot;}\" data-widget_type=\"video.default\">\n\t\t\t\t<div class=\"elementor-widget-container\">\n\t\t\t\t\t\t\t<div class=\"elementor-wrapper elementor-open-inline\">\n\t\t\t<iframe class=\"elementor-video-iframe\" allowfullscreen allow=\"clipboard-write\" title=\"Reproductor de v\u00eddeo vimeo\" src=\"https:\/\/player.vimeo.com\/video\/470106732?color&amp;autopause=0&amp;loop=0&amp;muted=0&amp;title=0&amp;portrait=0&amp;byline=0#t=\"><\/iframe>\t\t<\/div>\n\t\t\t\t\t\t<\/div>\n\t\t\t\t<\/div>\n\t\t\t\t<div class=\"elementor-element elementor-element-2e6f8ba elementor-widget elementor-widget-text-editor\" data-id=\"2e6f8ba\" data-element_type=\"widget\" data-e-type=\"widget\" data-widget_type=\"text-editor.default\">\n\t\t\t\t<div class=\"elementor-widget-container\">\n\t\t\t\t\t\t\t\t\t<p>GRAN TEATRO DEL LICEO 2012<br \/>Dentro del espacio m\u00e1gico de la sala de los espejos del Gran teatro del Liceo, imagin\u00e9 una vieja caja de m\u00fasica inspirada en una m\u00e1gica botella que me ha acompa\u00f1ado durante mi infancia, una atm\u00f3sfera de purpurina dorada, donde una bailarina danza ensimismada su eterna inocencia de ni\u00f1a de un gran coraz\u00f3n que nunca dej\u00f3 de so\u00f1ar en cada una de todas nosotras.<\/p>\t\t\t\t\t\t\t\t<\/div>\n\t\t\t\t<\/div>\n\t\t\t\t\t<\/div>\n\t\t<\/div>\n\t\t\t\t\t<\/div>\n\t\t<\/section>\n\t\t\t\t<section class=\"elementor-section elementor-top-section elementor-element elementor-element-f7d2c6f elementor-section-boxed elementor-section-height-default elementor-section-height-default\" data-id=\"f7d2c6f\" data-element_type=\"section\" data-e-type=\"section\">\n\t\t\t\t\t\t<div class=\"elementor-container elementor-column-gap-default\">\n\t\t\t\t\t<div class=\"elementor-column elementor-col-100 elementor-top-column elementor-element elementor-element-85500b5\" data-id=\"85500b5\" data-element_type=\"column\" data-e-type=\"column\">\n\t\t\t<div class=\"elementor-widget-wrap elementor-element-populated\">\n\t\t\t\t\t\t<div class=\"elementor-element elementor-element-39b4769 elementor-widget elementor-widget-video\" data-id=\"39b4769\" data-element_type=\"widget\" data-e-type=\"widget\" data-settings=\"{&quot;video_type&quot;:&quot;vimeo&quot;}\" data-widget_type=\"video.default\">\n\t\t\t\t<div class=\"elementor-widget-container\">\n\t\t\t\t\t\t\t<div class=\"elementor-wrapper elementor-open-inline\">\n\t\t\t<iframe class=\"elementor-video-iframe\" allowfullscreen allow=\"clipboard-write\" title=\"Reproductor de v\u00eddeo vimeo\" src=\"https:\/\/player.vimeo.com\/video\/470107419?color&amp;autopause=0&amp;loop=0&amp;muted=0&amp;title=0&amp;portrait=0&amp;byline=0#t=\"><\/iframe>\t\t<\/div>\n\t\t\t\t\t\t<\/div>\n\t\t\t\t<\/div>\n\t\t\t\t<div class=\"elementor-element elementor-element-ca4600e elementor-widget elementor-widget-text-editor\" data-id=\"ca4600e\" data-element_type=\"widget\" data-e-type=\"widget\" data-widget_type=\"text-editor.default\">\n\t\t\t\t<div class=\"elementor-widget-container\">\n\t\t\t\t\t\t\t\t\t<p>THEATRE PRINCIPAL 2013<br \/>En el Antique Principal Theatro Performance creamos un teatro de los sentidos,<br \/>Los invitados pasaron por un laberinto misterioso:<br \/>la vista, el tacto, el o\u00eddo y el olfato los condujeron al espacio central que representaba el coraz\u00f3n y el centro de cada uno, un cabaret donde se bailaba y cantaba, cada una con su particular expresi\u00f3n de la feminidad.<\/p>\t\t\t\t\t\t\t\t<\/div>\n\t\t\t\t<\/div>\n\t\t\t\t\t<\/div>\n\t\t<\/div>\n\t\t\t\t\t<\/div>\n\t\t<\/section>\n\t\t\t\t<section class=\"elementor-section elementor-top-section elementor-element elementor-element-2d61bc6 elementor-section-boxed elementor-section-height-default elementor-section-height-default\" data-id=\"2d61bc6\" data-element_type=\"section\" data-e-type=\"section\">\n\t\t\t\t\t\t<div class=\"elementor-container elementor-column-gap-default\">\n\t\t\t\t\t<div class=\"elementor-column elementor-col-100 elementor-top-column elementor-element elementor-element-ddf95d1\" data-id=\"ddf95d1\" data-element_type=\"column\" data-e-type=\"column\">\n\t\t\t<div class=\"elementor-widget-wrap elementor-element-populated\">\n\t\t\t\t\t\t<div class=\"elementor-element elementor-element-be4e0a9 elementor-widget elementor-widget-video\" data-id=\"be4e0a9\" data-element_type=\"widget\" data-e-type=\"widget\" data-settings=\"{&quot;video_type&quot;:&quot;vimeo&quot;}\" data-widget_type=\"video.default\">\n\t\t\t\t<div class=\"elementor-widget-container\">\n\t\t\t\t\t\t\t<div class=\"elementor-wrapper elementor-open-inline\">\n\t\t\t<iframe class=\"elementor-video-iframe\" allowfullscreen allow=\"clipboard-write\" title=\"Reproductor de v\u00eddeo vimeo\" src=\"https:\/\/player.vimeo.com\/video\/470106815?color&amp;autopause=0&amp;loop=0&amp;muted=0&amp;title=0&amp;portrait=0&amp;byline=0#t=\"><\/iframe>\t\t<\/div>\n\t\t\t\t\t\t<\/div>\n\t\t\t\t<\/div>\n\t\t\t\t<div class=\"elementor-element elementor-element-06c308c elementor-widget elementor-widget-text-editor\" data-id=\"06c308c\" data-element_type=\"widget\" data-e-type=\"widget\" data-widget_type=\"text-editor.default\">\n\t\t\t\t<div class=\"elementor-widget-container\">\n\t\t\t\t\t\t\t\t\t<p>080 PERSONA 2013<br \/>En el primer desfile de la 080, el a\u00f1o 2013,<br \/>mostr\u00e9 la forma de expresar mi camino en el universo de la moda; mis vestidos fueron creados como la manifestaci\u00f3n m\u00e1s perfecta para acompa\u00f1ar el alma en el proceso de la vida, y me encontr\u00e9 que el mundo de la moda se mov\u00eda bajo otros par\u00e1metros.<br \/>En el desfile, las modelos se transformaron en marionetas , cada una con su propio gesto, impidiendo as\u00ed un \u00fanico modelo de belleza, ya que para m\u00ed es algo incomparable, por s\u00ed misma es completa, perfecta y genuina.<\/p>\t\t\t\t\t\t\t\t<\/div>\n\t\t\t\t<\/div>\n\t\t\t\t\t<\/div>\n\t\t<\/div>\n\t\t\t\t\t<\/div>\n\t\t<\/section>\n\t\t\t\t<section class=\"elementor-section elementor-top-section elementor-element elementor-element-18ca71b elementor-section-boxed elementor-section-height-default elementor-section-height-default\" data-id=\"18ca71b\" data-element_type=\"section\" data-e-type=\"section\">\n\t\t\t\t\t\t<div class=\"elementor-container elementor-column-gap-default\">\n\t\t\t\t\t<div class=\"elementor-column elementor-col-100 elementor-top-column elementor-element elementor-element-c8a3c82\" data-id=\"c8a3c82\" data-element_type=\"column\" data-e-type=\"column\">\n\t\t\t<div class=\"elementor-widget-wrap elementor-element-populated\">\n\t\t\t\t\t\t<div class=\"elementor-element elementor-element-81cb1ea elementor-widget elementor-widget-video\" data-id=\"81cb1ea\" data-element_type=\"widget\" data-e-type=\"widget\" data-settings=\"{&quot;video_type&quot;:&quot;vimeo&quot;}\" data-widget_type=\"video.default\">\n\t\t\t\t<div class=\"elementor-widget-container\">\n\t\t\t\t\t\t\t<div class=\"elementor-wrapper elementor-open-inline\">\n\t\t\t<iframe class=\"elementor-video-iframe\" allowfullscreen allow=\"clipboard-write\" title=\"Reproductor de v\u00eddeo vimeo\" src=\"https:\/\/player.vimeo.com\/video\/470106565?color&amp;autopause=0&amp;loop=0&amp;muted=0&amp;title=0&amp;portrait=0&amp;byline=0#t=\"><\/iframe>\t\t<\/div>\n\t\t\t\t\t\t<\/div>\n\t\t\t\t<\/div>\n\t\t\t\t<div class=\"elementor-element elementor-element-39a06ee elementor-widget elementor-widget-text-editor\" data-id=\"39a06ee\" data-element_type=\"widget\" data-e-type=\"widget\" data-widget_type=\"text-editor.default\">\n\t\t\t\t<div class=\"elementor-widget-container\">\n\t\t\t\t\t\t\t\t\t<p>080 DREAM 2014<br \/>Dream fue mi segundo desfile en la Semana de la Moda de Barcelona, 080 del a\u00f1o 2014. Las modelos se transforman en antiguas mu\u00f1ecas mec\u00e1nicas, con su individual gestualidad, caminando con tranquilidad y en paz, centradas en su mundo interior.<\/p>\t\t\t\t\t\t\t\t<\/div>\n\t\t\t\t<\/div>\n\t\t\t\t\t<\/div>\n\t\t<\/div>\n\t\t\t\t\t<\/div>\n\t\t<\/section>\n\t\t\t\t<section class=\"elementor-section elementor-top-section elementor-element elementor-element-59822a2 elementor-section-boxed elementor-section-height-default elementor-section-height-default\" data-id=\"59822a2\" data-element_type=\"section\" data-e-type=\"section\">\n\t\t\t\t\t\t<div class=\"elementor-container elementor-column-gap-default\">\n\t\t\t\t\t<div class=\"elementor-column elementor-col-100 elementor-top-column elementor-element elementor-element-7eac6ed\" data-id=\"7eac6ed\" data-element_type=\"column\" data-e-type=\"column\">\n\t\t\t<div class=\"elementor-widget-wrap elementor-element-populated\">\n\t\t\t\t\t\t<div class=\"elementor-element elementor-element-b1aa6f2 elementor-widget elementor-widget-video\" data-id=\"b1aa6f2\" data-element_type=\"widget\" data-e-type=\"widget\" data-settings=\"{&quot;video_type&quot;:&quot;vimeo&quot;}\" data-widget_type=\"video.default\">\n\t\t\t\t<div class=\"elementor-widget-container\">\n\t\t\t\t\t\t\t<div class=\"elementor-wrapper elementor-open-inline\">\n\t\t\t<iframe class=\"elementor-video-iframe\" allowfullscreen allow=\"clipboard-write\" title=\"Reproductor de v\u00eddeo vimeo\" src=\"https:\/\/player.vimeo.com\/video\/470150720?color&amp;autopause=0&amp;loop=0&amp;muted=0&amp;title=0&amp;portrait=0&amp;byline=0#t=\"><\/iframe>\t\t<\/div>\n\t\t\t\t\t\t<\/div>\n\t\t\t\t<\/div>\n\t\t\t\t<div class=\"elementor-element elementor-element-fee2d26 elementor-widget elementor-widget-text-editor\" data-id=\"fee2d26\" data-element_type=\"widget\" data-e-type=\"widget\" data-widget_type=\"text-editor.default\">\n\t\t\t\t<div class=\"elementor-widget-container\">\n\t\t\t\t\t\t\t\t\t<p>080 VIENTO 2014<br \/>En el tercer show de la Semana de la Moda me inspir\u00e9 en el viento, el movimiento particular creador de la propia forma de andar, m\u00e1xima expresi\u00f3n del ser; el viento, tambi\u00e9n en el sentido de la respiraci\u00f3n, un soplo de vida \u00fanico y expresi\u00f3n del esp\u00edritu.<br \/>Las modelos se convirtieron en marionetas, guiadas por finas cintas de tul que dibujaban su movimiento.<br \/>Gr\u00e1ciles tejidos de seda pintada a mano, acompa\u00f1aron el movimiento de cada modelo.<\/p>\t\t\t\t\t\t\t\t<\/div>\n\t\t\t\t<\/div>\n\t\t\t\t\t<\/div>\n\t\t<\/div>\n\t\t\t\t\t<\/div>\n\t\t<\/section>\n\t\t\t\t<section class=\"elementor-section elementor-top-section elementor-element elementor-element-5ace76c elementor-section-boxed elementor-section-height-default elementor-section-height-default\" data-id=\"5ace76c\" data-element_type=\"section\" data-e-type=\"section\">\n\t\t\t\t\t\t<div class=\"elementor-container elementor-column-gap-default\">\n\t\t\t\t\t<div class=\"elementor-column elementor-col-100 elementor-top-column elementor-element elementor-element-ddae4ee\" data-id=\"ddae4ee\" data-element_type=\"column\" data-e-type=\"column\">\n\t\t\t<div class=\"elementor-widget-wrap elementor-element-populated\">\n\t\t\t\t\t\t<div class=\"elementor-element elementor-element-d8230cb elementor-widget elementor-widget-video\" data-id=\"d8230cb\" data-element_type=\"widget\" data-e-type=\"widget\" data-settings=\"{&quot;video_type&quot;:&quot;vimeo&quot;}\" data-widget_type=\"video.default\">\n\t\t\t\t<div class=\"elementor-widget-container\">\n\t\t\t\t\t\t\t<div class=\"elementor-wrapper elementor-open-inline\">\n\t\t\t<iframe class=\"elementor-video-iframe\" allowfullscreen allow=\"clipboard-write\" title=\"Reproductor de v\u00eddeo vimeo\" src=\"https:\/\/player.vimeo.com\/video\/470150650?color&amp;autopause=0&amp;loop=0&amp;muted=0&amp;title=0&amp;portrait=0&amp;byline=0#t=\"><\/iframe>\t\t<\/div>\n\t\t\t\t\t\t<\/div>\n\t\t\t\t<\/div>\n\t\t\t\t<div class=\"elementor-element elementor-element-92aa1d2 elementor-widget elementor-widget-text-editor\" data-id=\"92aa1d2\" data-element_type=\"widget\" data-e-type=\"widget\" data-widget_type=\"text-editor.default\">\n\t\t\t\t<div class=\"elementor-widget-container\">\n\t\t\t\t\t\t\t\t\t<p>080 TIERRA 2015<br \/>El cuarto desfile que presente a la semana de la moda de 080, lo hice cuando estaba embarazada de mi hijo Ilai.<br \/>Lo llame tierra y mi mirada era sobre el contacto con la tierra, el peso exacto de cada una, la huella individual que dejamos en el suelo en la forma en que caminamos\u2026<br \/>Creo que el vestido puede ser organic si esta hecha con esta conciencia, y formar parte de la manera particular de cada una, acompa\u00f1ar su unica manera de expressar y ser.<\/p>\t\t\t\t\t\t\t\t<\/div>\n\t\t\t\t<\/div>\n\t\t\t\t\t<\/div>\n\t\t<\/div>\n\t\t\t\t\t<\/div>\n\t\t<\/section>\n\t\t\t\t<section class=\"elementor-section elementor-top-section elementor-element elementor-element-94f607a elementor-section-boxed elementor-section-height-default elementor-section-height-default\" data-id=\"94f607a\" data-element_type=\"section\" data-e-type=\"section\">\n\t\t\t\t\t\t<div class=\"elementor-container elementor-column-gap-default\">\n\t\t\t\t\t<div class=\"elementor-column elementor-col-100 elementor-top-column elementor-element elementor-element-af8b3d5\" data-id=\"af8b3d5\" data-element_type=\"column\" data-e-type=\"column\">\n\t\t\t<div class=\"elementor-widget-wrap elementor-element-populated\">\n\t\t\t\t\t\t<div class=\"elementor-element elementor-element-f73537f elementor-widget elementor-widget-video\" data-id=\"f73537f\" data-element_type=\"widget\" data-e-type=\"widget\" data-settings=\"{&quot;video_type&quot;:&quot;vimeo&quot;}\" data-widget_type=\"video.default\">\n\t\t\t\t<div class=\"elementor-widget-container\">\n\t\t\t\t\t\t\t<div class=\"elementor-wrapper elementor-open-inline\">\n\t\t\t<iframe class=\"elementor-video-iframe\" allowfullscreen allow=\"clipboard-write\" title=\"Reproductor de v\u00eddeo vimeo\" src=\"https:\/\/player.vimeo.com\/video\/470150697?color&amp;autopause=0&amp;loop=0&amp;muted=0&amp;title=0&amp;portrait=0&amp;byline=0#t=\"><\/iframe>\t\t<\/div>\n\t\t\t\t\t\t<\/div>\n\t\t\t\t<\/div>\n\t\t\t\t<div class=\"elementor-element elementor-element-d54ed7a elementor-widget elementor-widget-text-editor\" data-id=\"d54ed7a\" data-element_type=\"widget\" data-e-type=\"widget\" data-widget_type=\"text-editor.default\">\n\t\t\t\t<div class=\"elementor-widget-container\">\n\t\t\t\t\t\t\t\t\t<div class=\"module fullwidth show\"><div class=\"show-entry fullwidth\"><div class=\"serif-light small reveal-short\" data-sr-id=\"15\"><div class=\"module fullwidth show\"><div class=\"show-entry fullwidth\"><div class=\"serif-light small reveal-short\" data-sr-id=\"15\"><p><strong>BRIDLE, WHISPERES 2015<br \/><\/strong>Hice el desfile de Whisperes en la semana de la moda nupcial de Barcelona, cuando estaba embarazada de mi hijo Ilai.<\/p><p>Con la experiencia de a\u00f1os creando prendas \u00fanicas como artista, y de toda la b\u00fasqueda y exploraci\u00f3n de siluetas y patrones limpios y org\u00e1nicos que se adapten a la feminidad \u00fanica y singular de cada mujer, cre\u00e9 una colecci\u00f3n de vestidos para empezar a producir en ediciones limitadas. Es un complejo proceso productivo que permite un n\u00famero limitado de vestidos con el mismo dise\u00f1o, con las peque\u00f1as variaciones propias del trabajo artesanal.<\/p><p>Cada pieza, elaborada con su certificado de autenticidad y su n\u00famero, acompa\u00f1ar\u00e1 a cada mujer en su viaje \u00fanico y privado en cualquier etapa de su vida.<\/p><\/div><\/div><\/div><div class=\"module fullwidth blank_space\">\u00a0<\/div><\/div><\/div><\/div><div class=\"module fullwidth blank_space\">\u00a0<\/div>\t\t\t\t\t\t\t\t<\/div>\n\t\t\t\t<\/div>\n\t\t\t\t\t<\/div>\n\t\t<\/div>\n\t\t\t\t\t<\/div>\n\t\t<\/section>\n\t\t\t\t<\/div>\n\t\t","protected":false},"excerpt":{"rendered":"<p>A trav\u00e9s de mis vestidos deseo acompa\u00f1ar el alma\u2026 Cada una de mis piezas est\u00e1 hecha a mano, cada una es \u00fanica y tiene vida propia, intenci\u00f3n y sentimiento.\u2060 Cada una est\u00e1 catalogada y tiene su certificado con un n\u00famero de serie y la fecha en que se cre\u00f3 en el atelier para ti\u2026\u00a0\u2060 https:\/\/nataliecapell.com\/wp-content\/uploads\/2020\/09\/natalie-capel-video-4.webm [&hellip;]<\/p>\n","protected":false},"author":13,"featured_media":0,"parent":0,"menu_order":0,"comment_status":"closed","ping_status":"closed","template":"","meta":{"_acf_changed":false,"site-sidebar-layout":"no-sidebar","site-content-layout":"","ast-site-content-layout":"full-width-container","site-content-style":"default","site-sidebar-style":"default","ast-global-header-display":"","ast-banner-title-visibility":"","ast-main-header-display":"","ast-hfb-above-header-display":"","ast-hfb-below-header-display":"","ast-hfb-mobile-header-display":"","site-post-title":"disabled","ast-breadcrumbs-content":"","ast-featured-img":"disabled","footer-sml-layout":"","ast-disable-related-posts":"","theme-transparent-header-meta":"","adv-header-id-meta":"","stick-header-meta":"","header-above-stick-meta":"","header-main-stick-meta":"","header-below-stick-meta":"","astra-migrate-meta-layouts":"set","ast-page-background-enabled":"default","ast-page-background-meta":{"desktop":{"background-color":"var(--ast-global-color-4)","background-image":"","background-repeat":"repeat","background-position":"center center","background-size":"auto","background-attachment":"scroll","background-type":"","background-media":"","overlay-type":"","overlay-color":"","overlay-opacity":"","overlay-gradient":""},"tablet":{"background-color":"","background-image":"","background-repeat":"repeat","background-position":"center center","background-size":"auto","background-attachment":"scroll","background-type":"","background-media":"","overlay-type":"","overlay-color":"","overlay-opacity":"","overlay-gradient":""},"mobile":{"background-color":"","background-image":"","background-repeat":"repeat","background-position":"center center","background-size":"auto","background-attachment":"scroll","background-type":"","background-media":"","overlay-type":"","overlay-color":"","overlay-opacity":"","overlay-gradient":""}},"ast-content-background-meta":{"desktop":{"background-color":"var(--ast-global-color-5)","background-image":"","background-repeat":"repeat","background-position":"center center","background-size":"auto","background-attachment":"scroll","background-type":"","background-media":"","overlay-type":"","overlay-color":"","overlay-opacity":"","overlay-gradient":""},"tablet":{"background-color":"var(--ast-global-color-5)","background-image":"","background-repeat":"repeat","background-position":"center center","background-size":"auto","background-attachment":"scroll","background-type":"","background-media":"","overlay-type":"","overlay-color":"","overlay-opacity":"","overlay-gradient":""},"mobile":{"background-color":"var(--ast-global-color-5)","background-image":"","background-repeat":"repeat","background-position":"center center","background-size":"auto","background-attachment":"scroll","background-type":"","background-media":"","overlay-type":"","overlay-color":"","overlay-opacity":"","overlay-gradient":""}},"footnotes":""},"class_list":["post-668","page","type-page","status-publish","hentry"],"acf":[],"yoast_head":"<!-- This site is optimized with the Yoast SEO plugin v27.4 - https:\/\/yoast.com\/product\/yoast-seo-wordpress\/ -->\n<title>My Atelier - Natalie Capell<\/title>\n<meta name=\"robots\" content=\"index, follow, max-snippet:-1, max-image-preview:large, max-video-preview:-1\" \/>\n<link rel=\"canonical\" href=\"https:\/\/nataliecapell.com\/my-atelier\/\" \/>\n<meta property=\"og:locale\" content=\"es_ES\" \/>\n<meta property=\"og:type\" content=\"article\" \/>\n<meta property=\"og:title\" content=\"My Atelier - Natalie Capell\" \/>\n<meta property=\"og:description\" content=\"A trav\u00e9s de mis vestidos deseo acompa\u00f1ar el alma\u2026 Cada una de mis piezas est\u00e1 hecha a mano, cada una es \u00fanica y tiene vida propia, intenci\u00f3n y sentimiento.\u2060 Cada una est\u00e1 catalogada y tiene su certificado con un n\u00famero de serie y la fecha en que se cre\u00f3 en el atelier para ti\u2026\u00a0\u2060 https:\/\/nataliecapell.com\/wp-content\/uploads\/2020\/09\/natalie-capel-video-4.webm [&hellip;]\" \/>\n<meta property=\"og:url\" content=\"https:\/\/nataliecapell.com\/my-atelier\/\" \/>\n<meta property=\"og:site_name\" content=\"Natalie Capell\" \/>\n<meta property=\"article:modified_time\" content=\"2024-03-18T13:21:35+00:00\" \/>\n<meta property=\"og:image\" content=\"https:\/\/nataliecapell.com\/wp-content\/uploads\/2020\/08\/image13-819x1024.jpg\" \/>\n<meta name=\"twitter:card\" content=\"summary_large_image\" \/>\n<meta name=\"twitter:label1\" content=\"Tiempo de lectura\" \/>\n\t<meta name=\"twitter:data1\" content=\"6 minutos\" \/>\n<script type=\"application\/ld+json\" class=\"yoast-schema-graph\">{\"@context\":\"https:\\\/\\\/schema.org\",\"@graph\":[{\"@type\":\"WebPage\",\"@id\":\"https:\\\/\\\/nataliecapell.com\\\/my-atelier\\\/\",\"url\":\"https:\\\/\\\/nataliecapell.com\\\/my-atelier\\\/\",\"name\":\"My Atelier - Natalie Capell\",\"isPartOf\":{\"@id\":\"https:\\\/\\\/nataliecapell.com\\\/#website\"},\"primaryImageOfPage\":{\"@id\":\"https:\\\/\\\/nataliecapell.com\\\/my-atelier\\\/#primaryimage\"},\"image\":{\"@id\":\"https:\\\/\\\/nataliecapell.com\\\/my-atelier\\\/#primaryimage\"},\"thumbnailUrl\":\"https:\\\/\\\/nataliecapell.com\\\/wp-content\\\/uploads\\\/2020\\\/08\\\/image13-819x1024.jpg\",\"datePublished\":\"2020-08-25T14:17:06+00:00\",\"dateModified\":\"2024-03-18T13:21:35+00:00\",\"breadcrumb\":{\"@id\":\"https:\\\/\\\/nataliecapell.com\\\/my-atelier\\\/#breadcrumb\"},\"inLanguage\":\"es\",\"potentialAction\":[{\"@type\":\"ReadAction\",\"target\":[\"https:\\\/\\\/nataliecapell.com\\\/my-atelier\\\/\"]}]},{\"@type\":\"ImageObject\",\"inLanguage\":\"es\",\"@id\":\"https:\\\/\\\/nataliecapell.com\\\/my-atelier\\\/#primaryimage\",\"url\":\"https:\\\/\\\/nataliecapell.com\\\/wp-content\\\/uploads\\\/2020\\\/08\\\/image13-819x1024.jpg\",\"contentUrl\":\"https:\\\/\\\/nataliecapell.com\\\/wp-content\\\/uploads\\\/2020\\\/08\\\/image13-819x1024.jpg\"},{\"@type\":\"BreadcrumbList\",\"@id\":\"https:\\\/\\\/nataliecapell.com\\\/my-atelier\\\/#breadcrumb\",\"itemListElement\":[{\"@type\":\"ListItem\",\"position\":1,\"name\":\"Portada\",\"item\":\"https:\\\/\\\/nataliecapell.com\\\/es\\\/\"},{\"@type\":\"ListItem\",\"position\":2,\"name\":\"My Atelier\"}]},{\"@type\":\"WebSite\",\"@id\":\"https:\\\/\\\/nataliecapell.com\\\/#website\",\"url\":\"https:\\\/\\\/nataliecapell.com\\\/\",\"name\":\"Natalie Capell\",\"description\":\"\",\"publisher\":{\"@id\":\"https:\\\/\\\/nataliecapell.com\\\/#organization\"},\"potentialAction\":[{\"@type\":\"SearchAction\",\"target\":{\"@type\":\"EntryPoint\",\"urlTemplate\":\"https:\\\/\\\/nataliecapell.com\\\/?s={search_term_string}\"},\"query-input\":{\"@type\":\"PropertyValueSpecification\",\"valueRequired\":true,\"valueName\":\"search_term_string\"}}],\"inLanguage\":\"es\"},{\"@type\":\"Organization\",\"@id\":\"https:\\\/\\\/nataliecapell.com\\\/#organization\",\"name\":\"Natalie Capell\",\"url\":\"https:\\\/\\\/nataliecapell.com\\\/\",\"logo\":{\"@type\":\"ImageObject\",\"inLanguage\":\"es\",\"@id\":\"https:\\\/\\\/nataliecapell.com\\\/#\\\/schema\\\/logo\\\/image\\\/\",\"url\":\"https:\\\/\\\/nataliecapell.com\\\/wp-content\\\/uploads\\\/2023\\\/12\\\/Captura-de-pantalla-2023-12-14-a-las-23.28.13-1-e1707819988835.png\",\"contentUrl\":\"https:\\\/\\\/nataliecapell.com\\\/wp-content\\\/uploads\\\/2023\\\/12\\\/Captura-de-pantalla-2023-12-14-a-las-23.28.13-1-e1707819988835.png\",\"width\":552,\"height\":107,\"caption\":\"Natalie Capell\"},\"image\":{\"@id\":\"https:\\\/\\\/nataliecapell.com\\\/#\\\/schema\\\/logo\\\/image\\\/\"}}]}<\/script>\n<!-- \/ Yoast SEO plugin. -->","yoast_head_json":{"title":"My Atelier - Natalie Capell","robots":{"index":"index","follow":"follow","max-snippet":"max-snippet:-1","max-image-preview":"max-image-preview:large","max-video-preview":"max-video-preview:-1"},"canonical":"https:\/\/nataliecapell.com\/my-atelier\/","og_locale":"es_ES","og_type":"article","og_title":"My Atelier - Natalie Capell","og_description":"A trav\u00e9s de mis vestidos deseo acompa\u00f1ar el alma\u2026 Cada una de mis piezas est\u00e1 hecha a mano, cada una es \u00fanica y tiene vida propia, intenci\u00f3n y sentimiento.\u2060 Cada una est\u00e1 catalogada y tiene su certificado con un n\u00famero de serie y la fecha en que se cre\u00f3 en el atelier para ti\u2026\u00a0\u2060 https:\/\/nataliecapell.com\/wp-content\/uploads\/2020\/09\/natalie-capel-video-4.webm [&hellip;]","og_url":"https:\/\/nataliecapell.com\/my-atelier\/","og_site_name":"Natalie Capell","article_modified_time":"2024-03-18T13:21:35+00:00","og_image":[{"url":"https:\/\/nataliecapell.com\/wp-content\/uploads\/2020\/08\/image13-819x1024.jpg","type":"","width":"","height":""}],"twitter_card":"summary_large_image","twitter_misc":{"Tiempo de lectura":"6 minutos"},"schema":{"@context":"https:\/\/schema.org","@graph":[{"@type":"WebPage","@id":"https:\/\/nataliecapell.com\/my-atelier\/","url":"https:\/\/nataliecapell.com\/my-atelier\/","name":"My Atelier - Natalie Capell","isPartOf":{"@id":"https:\/\/nataliecapell.com\/#website"},"primaryImageOfPage":{"@id":"https:\/\/nataliecapell.com\/my-atelier\/#primaryimage"},"image":{"@id":"https:\/\/nataliecapell.com\/my-atelier\/#primaryimage"},"thumbnailUrl":"https:\/\/nataliecapell.com\/wp-content\/uploads\/2020\/08\/image13-819x1024.jpg","datePublished":"2020-08-25T14:17:06+00:00","dateModified":"2024-03-18T13:21:35+00:00","breadcrumb":{"@id":"https:\/\/nataliecapell.com\/my-atelier\/#breadcrumb"},"inLanguage":"es","potentialAction":[{"@type":"ReadAction","target":["https:\/\/nataliecapell.com\/my-atelier\/"]}]},{"@type":"ImageObject","inLanguage":"es","@id":"https:\/\/nataliecapell.com\/my-atelier\/#primaryimage","url":"https:\/\/nataliecapell.com\/wp-content\/uploads\/2020\/08\/image13-819x1024.jpg","contentUrl":"https:\/\/nataliecapell.com\/wp-content\/uploads\/2020\/08\/image13-819x1024.jpg"},{"@type":"BreadcrumbList","@id":"https:\/\/nataliecapell.com\/my-atelier\/#breadcrumb","itemListElement":[{"@type":"ListItem","position":1,"name":"Portada","item":"https:\/\/nataliecapell.com\/es\/"},{"@type":"ListItem","position":2,"name":"My Atelier"}]},{"@type":"WebSite","@id":"https:\/\/nataliecapell.com\/#website","url":"https:\/\/nataliecapell.com\/","name":"Natalie Capell","description":"","publisher":{"@id":"https:\/\/nataliecapell.com\/#organization"},"potentialAction":[{"@type":"SearchAction","target":{"@type":"EntryPoint","urlTemplate":"https:\/\/nataliecapell.com\/?s={search_term_string}"},"query-input":{"@type":"PropertyValueSpecification","valueRequired":true,"valueName":"search_term_string"}}],"inLanguage":"es"},{"@type":"Organization","@id":"https:\/\/nataliecapell.com\/#organization","name":"Natalie Capell","url":"https:\/\/nataliecapell.com\/","logo":{"@type":"ImageObject","inLanguage":"es","@id":"https:\/\/nataliecapell.com\/#\/schema\/logo\/image\/","url":"https:\/\/nataliecapell.com\/wp-content\/uploads\/2023\/12\/Captura-de-pantalla-2023-12-14-a-las-23.28.13-1-e1707819988835.png","contentUrl":"https:\/\/nataliecapell.com\/wp-content\/uploads\/2023\/12\/Captura-de-pantalla-2023-12-14-a-las-23.28.13-1-e1707819988835.png","width":552,"height":107,"caption":"Natalie Capell"},"image":{"@id":"https:\/\/nataliecapell.com\/#\/schema\/logo\/image\/"}}]}},"_links":{"self":[{"href":"https:\/\/nataliecapell.com\/es\/wp-json\/wp\/v2\/pages\/668","targetHints":{"allow":["GET"]}}],"collection":[{"href":"https:\/\/nataliecapell.com\/es\/wp-json\/wp\/v2\/pages"}],"about":[{"href":"https:\/\/nataliecapell.com\/es\/wp-json\/wp\/v2\/types\/page"}],"author":[{"embeddable":true,"href":"https:\/\/nataliecapell.com\/es\/wp-json\/wp\/v2\/users\/13"}],"replies":[{"embeddable":true,"href":"https:\/\/nataliecapell.com\/es\/wp-json\/wp\/v2\/comments?post=668"}],"version-history":[{"count":95,"href":"https:\/\/nataliecapell.com\/es\/wp-json\/wp\/v2\/pages\/668\/revisions"}],"predecessor-version":[{"id":4288,"href":"https:\/\/nataliecapell.com\/es\/wp-json\/wp\/v2\/pages\/668\/revisions\/4288"}],"wp:attachment":[{"href":"https:\/\/nataliecapell.com\/es\/wp-json\/wp\/v2\/media?parent=668"}],"curies":[{"name":"wp","href":"https:\/\/api.w.org\/{rel}","templated":true}]}}