{"id":640,"date":"2023-09-06T13:46:25","date_gmt":"2023-09-06T13:46:25","guid":{"rendered":"https:\/\/nataliecapell.com\/?page_id=640"},"modified":"2024-07-23T14:55:32","modified_gmt":"2024-07-23T14:55:32","slug":"como-medir","status":"publish","type":"page","link":"https:\/\/nataliecapell.com\/es\/como-medir\/","title":{"rendered":"Como medir"},"content":{"rendered":"\t\t<div data-elementor-type=\"wp-page\" data-elementor-id=\"640\" class=\"elementor elementor-640 elementor-253\" data-elementor-post-type=\"page\">\n\t\t\t\t\t\t<section class=\"elementor-section elementor-top-section elementor-element elementor-element-6c773c2 elementor-section-boxed elementor-section-height-default elementor-section-height-default\" data-id=\"6c773c2\" data-element_type=\"section\" data-e-type=\"section\" data-settings=\"{&quot;background_background&quot;:&quot;classic&quot;}\">\n\t\t\t\t\t\t<div class=\"elementor-container elementor-column-gap-default\">\n\t\t\t\t\t<div class=\"elementor-column elementor-col-100 elementor-top-column elementor-element elementor-element-1d88818\" data-id=\"1d88818\" data-element_type=\"column\" data-e-type=\"column\">\n\t\t\t<div class=\"elementor-widget-wrap elementor-element-populated\">\n\t\t\t\t\t\t<div class=\"elementor-element elementor-element-91fd95c elementor-widget elementor-widget-text-editor\" data-id=\"91fd95c\" data-element_type=\"widget\" data-e-type=\"widget\" data-widget_type=\"text-editor.default\">\n\t\t\t\t<div class=\"elementor-widget-container\">\n\t\t\t\t\t\t\t\t\t<span style=\"font-style: inherit; font-weight: inherit;\">\u00bfC\u00f3mo tomar las medidas?<\/span>\n\nMis piezas nacen con el deseo de que te acompa\u00f1en durante muchos a\u00f1os y se adapten a tus cambios de belleza.\n\nTrabajo con talla \u00fanica; mis patrones son fruto de la experiencia y de un estudio constante de la silueta femenina; el tejido el\u00e1stico de mis piezas se adapta f\u00e1cilmente a diferentes siluetas y tallas, que defino entre la talla 36 y la 46.\n\nCon el objetivo de que la prenda te quede perfecta, retoco tu pieza en mi Atelier, y para ello, te pido tus medidas. Aqu\u00ed te ense\u00f1o c\u00f3mo tomarte las medidas, as\u00ed que por favor, pide ayuda a alguien para hacerlo con precisi\u00f3n, o si lo prefieres, acude a un sastre.\n\nTe invito a vivir este momento y a disfrutar de este primer paso, que permitir\u00e1 que tu pieza se adapte a tu figura, te abrace y acompa\u00f1e tus movimientos.\n\nPor favor, utiliza una postura natural, en la que te sientas c\u00f3moda, y mantente recta con los pies juntos.\n\n1. Busto\n\nPara medir el busto, los brazos deben estar relajados a ambos lados del cuerpo. La cinta m\u00e9trica debe rodear la parte m\u00e1s saliente del busto.\n\n2. Cintura\n\n<span style=\"font-style: inherit; font-weight: inherit;\">La cintura es la parte m\u00e1s estrecha, normalmente 1-2 cm por encima del ombligo.<\/span>\n\nRodea tu cintura con la cinta m\u00e9trica; mant\u00e9n la cinta un poco suelta, para que tengas un espacio para respirar.\n\n<span style=\"font-style: inherit; font-weight: inherit;\">3. Caderas<\/span>\n\nBusca la parte m\u00e1s ancha de tus caderas y rod\u00e9ala con la cinta m\u00e9trica.\n\n4. Sisa\n\nLa cinta m\u00e9trica debe rodear el brazo desde el hombro y pasar por debajo de la axila.\n\n5. Espalda\n\nEsta medida se obtiene midiendo de hombro a hombro a lo largo de la espalda.\n\n6. Largo delantero del vestido y escote delantero.\n\nCuando tome esta medida, p\u00f3ngase unos zapatos con la altura de tac\u00f3n que desee llevar con el vestido.\n\nColoque la cinta m\u00e9trica en el hueco de la clav\u00edcula, bajando la cinta pero manteni\u00e9ndola recta, hasta llegar al punto al que desea que llegue el escote delantero de su vestido. Anote esta medida (6A) y contin\u00fae desde este punto, bajando la cinta m\u00e9trica hasta el suelo o hasta donde desee que llegue el dobladillo (6B).\n\n7. Largo de la espalda del vestido y escote de la espalda:\n\nMientras toma esta medida, p\u00f3ngase unos zapatos con la altura de tac\u00f3n que desee llevar con el vestido.\n\nLocaliza la s\u00e9ptima v\u00e9rtebra, que se encuentra en la nuca. Para encontrar este punto, basta con mirar hacia el suelo, doblando el cuello. El \u00fanico hueso que sobresale en esta posici\u00f3n es la s\u00e9ptima v\u00e9rtebra.\n\nColoque la cinta m\u00e9trica en este punto y, a continuaci\u00f3n, b\u00e1jela manteni\u00e9ndola recta hasta llegar al punto en el que desea que se encuentre el escote trasero de su vestido. Anota esta medida (7A) y contin\u00faa. Desde este punto, baja la cinta m\u00e9trica hasta el suelo o hasta donde quieras que quede el dobladillo (7B).\n\n8. Longitud desde la s\u00e9ptima v\u00e9rtebra:\n\nColoca la cinta m\u00e9trica en la s\u00e9ptima v\u00e9rtebra y ll\u00e9vala alrededor hacia el punto m\u00e1s sobresaliente de uno de tus pechos, rodeando el cuello. Desde este punto, mantenla recta hasta llegar al suelo o hasta donde quieras que llegue el dobladillo.\n\n9. Largo de las mangas:\n\nEn caso de que tu vestido tenga mangas, tambi\u00e9n te pedir\u00e9 esta medida.\n\nColoca la cinta m\u00e9trica en la s\u00e9ptima v\u00e9rtebra y ll\u00e9vala recta a lo largo del brazo hasta el punto en el que deseas que terminen las mangas de tu vestido.\n\n10. Por \u00faltimo, tengo que saber su estatura.\n\nGracias por sus medidas.\n\nSi tienes alguna duda, estoy aqu\u00ed en el Atelier para atenderte y acompa\u00f1arte siempre que me necesites.\n<div>\u00a0<a class=\"guide-button\" style=\"background-color: #000000; font-size: 15px; text-align: start;\" href=\"https:\/\/nataliecapell.com\/\/wp-content\/uploads\/2020\/10\/nataliecapell-mesurments_drawing.pdf\" target=\"_blank\" rel=\"noopener noreferrer\">DESCARGUE EL DIBUJO DE COMO MEDIR<\/a><\/div>\t\t\t\t\t\t\t\t<\/div>\n\t\t\t\t<\/div>\n\t\t\t\t\t<\/div>\n\t\t<\/div>\n\t\t\t\t\t<\/div>\n\t\t<\/section>\n\t\t\t\t<\/div>\n\t\t","protected":false},"excerpt":{"rendered":"<p>\u00bfC\u00f3mo tomar las medidas? Mis piezas nacen con el deseo de que te acompa\u00f1en durante muchos a\u00f1os y se adapten a tus cambios de belleza. Trabajo con talla \u00fanica; mis patrones son fruto de la experiencia y de un estudio constante de la silueta femenina; el tejido el\u00e1stico de mis piezas se adapta f\u00e1cilmente a [&hellip;]<\/p>\n","protected":false},"author":2,"featured_media":0,"parent":0,"menu_order":0,"comment_status":"closed","ping_status":"closed","template":"elementor_header_footer","meta":{"_acf_changed":false,"site-sidebar-layout":"default","site-content-layout":"","ast-site-content-layout":"default","site-content-style":"default","site-sidebar-style":"default","ast-global-header-display":"","ast-banner-title-visibility":"","ast-main-header-display":"","ast-hfb-above-header-display":"","ast-hfb-below-header-display":"","ast-hfb-mobile-header-display":"","site-post-title":"","ast-breadcrumbs-content":"","ast-featured-img":"","footer-sml-layout":"","ast-disable-related-posts":"","theme-transparent-header-meta":"","adv-header-id-meta":"","stick-header-meta":"","header-above-stick-meta":"","header-main-stick-meta":"","header-below-stick-meta":"","astra-migrate-meta-layouts":"default","ast-page-background-enabled":"default","ast-page-background-meta":{"desktop":{"background-color":"var(--ast-global-color-4)","background-image":"","background-repeat":"repeat","background-position":"center center","background-size":"auto","background-attachment":"scroll","background-type":"","background-media":"","overlay-type":"","overlay-color":"","overlay-opacity":"","overlay-gradient":""},"tablet":{"background-color":"","background-image":"","background-repeat":"repeat","background-position":"center center","background-size":"auto","background-attachment":"scroll","background-type":"","background-media":"","overlay-type":"","overlay-color":"","overlay-opacity":"","overlay-gradient":""},"mobile":{"background-color":"","background-image":"","background-repeat":"repeat","background-position":"center center","background-size":"auto","background-attachment":"scroll","background-type":"","background-media":"","overlay-type":"","overlay-color":"","overlay-opacity":"","overlay-gradient":""}},"ast-content-background-meta":{"desktop":{"background-color":"var(--ast-global-color-5)","background-image":"","background-repeat":"repeat","background-position":"center center","background-size":"auto","background-attachment":"scroll","background-type":"","background-media":"","overlay-type":"","overlay-color":"","overlay-opacity":"","overlay-gradient":""},"tablet":{"background-color":"var(--ast-global-color-5)","background-image":"","background-repeat":"repeat","background-position":"center center","background-size":"auto","background-attachment":"scroll","background-type":"","background-media":"","overlay-type":"","overlay-color":"","overlay-opacity":"","overlay-gradient":""},"mobile":{"background-color":"var(--ast-global-color-5)","background-image":"","background-repeat":"repeat","background-position":"center center","background-size":"auto","background-attachment":"scroll","background-type":"","background-media":"","overlay-type":"","overlay-color":"","overlay-opacity":"","overlay-gradient":""}},"footnotes":""},"class_list":["post-640","page","type-page","status-publish","hentry"],"acf":[],"yoast_head":"<!-- This site is optimized with the Yoast SEO plugin v27.4 - https:\/\/yoast.com\/product\/yoast-seo-wordpress\/ -->\n<title>Como medir - Natalie Capell<\/title>\n<meta name=\"robots\" content=\"index, follow, max-snippet:-1, max-image-preview:large, max-video-preview:-1\" \/>\n<link rel=\"canonical\" href=\"https:\/\/nataliecapell.com\/es\/como-medir\/\" \/>\n<meta property=\"og:locale\" content=\"es_ES\" \/>\n<meta property=\"og:type\" content=\"article\" \/>\n<meta property=\"og:title\" content=\"Como medir - Natalie Capell\" \/>\n<meta property=\"og:description\" content=\"\u00bfC\u00f3mo tomar las medidas? Mis piezas nacen con el deseo de que te acompa\u00f1en durante muchos a\u00f1os y se adapten a tus cambios de belleza. Trabajo con talla \u00fanica; mis patrones son fruto de la experiencia y de un estudio constante de la silueta femenina; el tejido el\u00e1stico de mis piezas se adapta f\u00e1cilmente a [&hellip;]\" \/>\n<meta property=\"og:url\" content=\"https:\/\/nataliecapell.com\/es\/como-medir\/\" \/>\n<meta property=\"og:site_name\" content=\"Natalie Capell\" \/>\n<meta property=\"article:modified_time\" content=\"2024-07-23T14:55:32+00:00\" \/>\n<meta name=\"twitter:card\" content=\"summary_large_image\" \/>\n<meta name=\"twitter:label1\" content=\"Tiempo de lectura\" \/>\n\t<meta name=\"twitter:data1\" content=\"3 minutos\" \/>\n<script type=\"application\/ld+json\" class=\"yoast-schema-graph\">{\"@context\":\"https:\\\/\\\/schema.org\",\"@graph\":[{\"@type\":\"WebPage\",\"@id\":\"https:\\\/\\\/nataliecapell.com\\\/es\\\/como-medir\\\/\",\"url\":\"https:\\\/\\\/nataliecapell.com\\\/es\\\/como-medir\\\/\",\"name\":\"Como medir - Natalie Capell\",\"isPartOf\":{\"@id\":\"https:\\\/\\\/nataliecapell.com\\\/#website\"},\"datePublished\":\"2023-09-06T13:46:25+00:00\",\"dateModified\":\"2024-07-23T14:55:32+00:00\",\"breadcrumb\":{\"@id\":\"https:\\\/\\\/nataliecapell.com\\\/es\\\/como-medir\\\/#breadcrumb\"},\"inLanguage\":\"es\",\"potentialAction\":[{\"@type\":\"ReadAction\",\"target\":[\"https:\\\/\\\/nataliecapell.com\\\/es\\\/como-medir\\\/\"]}]},{\"@type\":\"BreadcrumbList\",\"@id\":\"https:\\\/\\\/nataliecapell.com\\\/es\\\/como-medir\\\/#breadcrumb\",\"itemListElement\":[{\"@type\":\"ListItem\",\"position\":1,\"name\":\"Portada\",\"item\":\"https:\\\/\\\/nataliecapell.com\\\/es\\\/\"},{\"@type\":\"ListItem\",\"position\":2,\"name\":\"Como medir\"}]},{\"@type\":\"WebSite\",\"@id\":\"https:\\\/\\\/nataliecapell.com\\\/#website\",\"url\":\"https:\\\/\\\/nataliecapell.com\\\/\",\"name\":\"Natalie Capell\",\"description\":\"\",\"publisher\":{\"@id\":\"https:\\\/\\\/nataliecapell.com\\\/#organization\"},\"potentialAction\":[{\"@type\":\"SearchAction\",\"target\":{\"@type\":\"EntryPoint\",\"urlTemplate\":\"https:\\\/\\\/nataliecapell.com\\\/?s={search_term_string}\"},\"query-input\":{\"@type\":\"PropertyValueSpecification\",\"valueRequired\":true,\"valueName\":\"search_term_string\"}}],\"inLanguage\":\"es\"},{\"@type\":\"Organization\",\"@id\":\"https:\\\/\\\/nataliecapell.com\\\/#organization\",\"name\":\"Natalie Capell\",\"url\":\"https:\\\/\\\/nataliecapell.com\\\/\",\"logo\":{\"@type\":\"ImageObject\",\"inLanguage\":\"es\",\"@id\":\"https:\\\/\\\/nataliecapell.com\\\/#\\\/schema\\\/logo\\\/image\\\/\",\"url\":\"https:\\\/\\\/nataliecapell.com\\\/wp-content\\\/uploads\\\/2023\\\/12\\\/Captura-de-pantalla-2023-12-14-a-las-23.28.13-1-e1707819988835.png\",\"contentUrl\":\"https:\\\/\\\/nataliecapell.com\\\/wp-content\\\/uploads\\\/2023\\\/12\\\/Captura-de-pantalla-2023-12-14-a-las-23.28.13-1-e1707819988835.png\",\"width\":552,\"height\":107,\"caption\":\"Natalie Capell\"},\"image\":{\"@id\":\"https:\\\/\\\/nataliecapell.com\\\/#\\\/schema\\\/logo\\\/image\\\/\"}}]}<\/script>\n<!-- \/ Yoast SEO plugin. -->","yoast_head_json":{"title":"Como medir - Natalie Capell","robots":{"index":"index","follow":"follow","max-snippet":"max-snippet:-1","max-image-preview":"max-image-preview:large","max-video-preview":"max-video-preview:-1"},"canonical":"https:\/\/nataliecapell.com\/es\/como-medir\/","og_locale":"es_ES","og_type":"article","og_title":"Como medir - Natalie Capell","og_description":"\u00bfC\u00f3mo tomar las medidas? Mis piezas nacen con el deseo de que te acompa\u00f1en durante muchos a\u00f1os y se adapten a tus cambios de belleza. Trabajo con talla \u00fanica; mis patrones son fruto de la experiencia y de un estudio constante de la silueta femenina; el tejido el\u00e1stico de mis piezas se adapta f\u00e1cilmente a [&hellip;]","og_url":"https:\/\/nataliecapell.com\/es\/como-medir\/","og_site_name":"Natalie Capell","article_modified_time":"2024-07-23T14:55:32+00:00","twitter_card":"summary_large_image","twitter_misc":{"Tiempo de lectura":"3 minutos"},"schema":{"@context":"https:\/\/schema.org","@graph":[{"@type":"WebPage","@id":"https:\/\/nataliecapell.com\/es\/como-medir\/","url":"https:\/\/nataliecapell.com\/es\/como-medir\/","name":"Como medir - Natalie Capell","isPartOf":{"@id":"https:\/\/nataliecapell.com\/#website"},"datePublished":"2023-09-06T13:46:25+00:00","dateModified":"2024-07-23T14:55:32+00:00","breadcrumb":{"@id":"https:\/\/nataliecapell.com\/es\/como-medir\/#breadcrumb"},"inLanguage":"es","potentialAction":[{"@type":"ReadAction","target":["https:\/\/nataliecapell.com\/es\/como-medir\/"]}]},{"@type":"BreadcrumbList","@id":"https:\/\/nataliecapell.com\/es\/como-medir\/#breadcrumb","itemListElement":[{"@type":"ListItem","position":1,"name":"Portada","item":"https:\/\/nataliecapell.com\/es\/"},{"@type":"ListItem","position":2,"name":"Como medir"}]},{"@type":"WebSite","@id":"https:\/\/nataliecapell.com\/#website","url":"https:\/\/nataliecapell.com\/","name":"Natalie Capell","description":"","publisher":{"@id":"https:\/\/nataliecapell.com\/#organization"},"potentialAction":[{"@type":"SearchAction","target":{"@type":"EntryPoint","urlTemplate":"https:\/\/nataliecapell.com\/?s={search_term_string}"},"query-input":{"@type":"PropertyValueSpecification","valueRequired":true,"valueName":"search_term_string"}}],"inLanguage":"es"},{"@type":"Organization","@id":"https:\/\/nataliecapell.com\/#organization","name":"Natalie Capell","url":"https:\/\/nataliecapell.com\/","logo":{"@type":"ImageObject","inLanguage":"es","@id":"https:\/\/nataliecapell.com\/#\/schema\/logo\/image\/","url":"https:\/\/nataliecapell.com\/wp-content\/uploads\/2023\/12\/Captura-de-pantalla-2023-12-14-a-las-23.28.13-1-e1707819988835.png","contentUrl":"https:\/\/nataliecapell.com\/wp-content\/uploads\/2023\/12\/Captura-de-pantalla-2023-12-14-a-las-23.28.13-1-e1707819988835.png","width":552,"height":107,"caption":"Natalie Capell"},"image":{"@id":"https:\/\/nataliecapell.com\/#\/schema\/logo\/image\/"}}]}},"_links":{"self":[{"href":"https:\/\/nataliecapell.com\/es\/wp-json\/wp\/v2\/pages\/640","targetHints":{"allow":["GET"]}}],"collection":[{"href":"https:\/\/nataliecapell.com\/es\/wp-json\/wp\/v2\/pages"}],"about":[{"href":"https:\/\/nataliecapell.com\/es\/wp-json\/wp\/v2\/types\/page"}],"author":[{"embeddable":true,"href":"https:\/\/nataliecapell.com\/es\/wp-json\/wp\/v2\/users\/2"}],"replies":[{"embeddable":true,"href":"https:\/\/nataliecapell.com\/es\/wp-json\/wp\/v2\/comments?post=640"}],"version-history":[{"count":27,"href":"https:\/\/nataliecapell.com\/es\/wp-json\/wp\/v2\/pages\/640\/revisions"}],"predecessor-version":[{"id":5561,"href":"https:\/\/nataliecapell.com\/es\/wp-json\/wp\/v2\/pages\/640\/revisions\/5561"}],"wp:attachment":[{"href":"https:\/\/nataliecapell.com\/es\/wp-json\/wp\/v2\/media?parent=640"}],"curies":[{"name":"wp","href":"https:\/\/api.w.org\/{rel}","templated":true}]}}